{"id":14,"date":"2018-04-06T21:30:54","date_gmt":"2018-04-06T19:30:54","guid":{"rendered":"https:\/\/www.jonas-sibony.com\/site\/?page_id=14"},"modified":"2023-03-29T20:48:48","modified_gmt":"2023-03-29T18:48:48","slug":"conferences","status":"publish","type":"page","link":"https:\/\/www.jonas-sibony.com\/site\/publications\/conferences\/","title":{"rendered":"Lectures"},"content":{"rendered":"\n<hr class=\"wp-block-separator has-alpha-channel-opacity\" style=\"margin-top:var(--wp--preset--spacing--60);margin-bottom:var(--wp--preset--spacing--60)\"\/>\n\n\n\n<h4 class=\"sub_title wp-block-heading\"><strong><em>2023<\/em><\/strong><\/h4>\n\n\n\n<ul>\n<li class=\"mid_bot\">02\/02\/23&nbsp;<em>Traduire la Haggada d\u2019Hitler<\/em>, s\u00e9minaire doctoral \u00ab&nbsp;Linguistique s\u00e9mitique&nbsp;et contact des langues en m\u00e9diterran\u00e9e \u00bb \u2013 Inalco, Paris.<\/li>\n\n\n\n<li class=\"mid_bot\">01\/02\/23 Conf\u00e9rence-d\u00e9bat autour du Podcast \u00ab&nbsp;Juive-arabe, comment je me suis r\u00e9concili\u00e9e avec mon identit\u00e9&nbsp;\u00bb, MAHJ.<\/li>\n\n\n\n<li class=\"mid_bot\">16\/01\/23&nbsp;<em>Le jud\u00e9o arabe, de l\u2019&nbsp;\u00e9poque m\u00e9di\u00e9vale \u00e0 nos jours<\/em>, Conf\u00e9rence des \u00ab&nbsp;Lundis de Wiesel&nbsp;\u00bb, IEW.<\/li>\n<\/ul>\n\n\n\n<hr class=\"wp-block-separator has-alpha-channel-opacity\" style=\"margin-top:var(--wp--preset--spacing--60);margin-bottom:var(--wp--preset--spacing--60)\"\/>\n\n\n\n<h4 class=\"sub_title wp-block-heading\"><strong><em>2022<\/em><\/strong><\/h4>\n\n\n\n<ul>\n<li class=\"mid_bot\">09\/11\/22&nbsp;<em>Qu\u2019est-ce que le jud\u00e9o-tunisien litt\u00e9raire&nbsp;?<\/em>, Colloque \u00ab&nbsp;Faire parler les langues oubli\u00e9e&nbsp;\u00bb, Biblioth\u00e8que nationale de Tunisie.<\/li>\n\n\n\n<li class=\"mid_bot\">01\/07\/22&nbsp;<em>Morpho-phonetical adaptations of Hebrew loanwords in Fassi Judeo-Arabic<\/em>, AIDA 14.<\/li>\n\n\n\n<li class=\"mid_bot\">18\/06\/22&nbsp;<em>Le sharh, jud\u00e9o-marocain calque, illustration dans un texte satirique des ann\u00e9es 1940<\/em>, Colloque international \u00ab&nbsp;Les langues juives en partage&nbsp;\u00bb \u2013 MAHJ \u2013 INALCO<\/li>\n\n\n\n<li class=\"mid_bot\">20\/01\/22 \u00ab&nbsp;Quel avenir pour le jud\u00e9o-arabe&nbsp;\u00bb, Conf\u00e9rence IMA.<\/li>\n\n\n\n<li class=\"mid_bot\">17\/01\/22 \u00ab&nbsp;Le jud\u00e9o-marocain moderne&nbsp;\u00bb, Conf\u00e9rence IEW.<\/li>\n\n\n\n<li class=\"mid_bot\">13\/01\/22 \u00ab&nbsp;What is and what is not Judeo-Tamazight \u00bb, Yennayer Event, Cha\u00efm Herzog Center for Middle-East Studies and Diplomacy, Ben-Gurion University.<\/li>\n<\/ul>\n\n\n\n<hr class=\"wp-block-separator has-alpha-channel-opacity\" style=\"margin-top:var(--wp--preset--spacing--60);margin-bottom:var(--wp--preset--spacing--60)\"\/>\n\n\n\n<h4 class=\"sub_title wp-block-heading\"><strong><em>2021<\/em><\/strong><\/h4>\n\n\n\n<ul>\n<li class=\"mid_bot\">08-09\/12\/21 \u00ab Quelques difficult\u00e9s de traduction d\u2019un texte satyrique jud\u00e9o-marocain vers le fran\u00e7ais&nbsp;\u00bb, Colloque Litt\u00e9ratures arabes en traduction, Universit\u00e9s Sorbonne Nouvelle, Bordeaux Montaigne, Strasbourg.<\/li>\n\n\n\n<li class=\"mid_bot\">28\/11\/21 \u00ab Probl\u00e9matiques de traduction des jud\u00e9o-langues, le cas d\u2019un texte satyrique jud\u00e9o-marocain&nbsp;\u00bb, Colloque Les langues juives en traduction, MEDEM.<\/li>\n\n\n\n<li class=\"mid_bot\">23\/11\/21 \u00ab H\u00e9breu, arabe, jud\u00e9o-tunisien, des langues s\u00e9mitiques \u00bb, Conf\u00e9rence Soci\u00e9t\u00e9 d\u2019Histoire des Juifs de Tunisie.<\/li>\n\n\n\n<li class=\"mid_bot\">23\/06\/21 \u00ab Intimate Entanglements: community, language and creative interaction in the contemporary cityscape \u00bb, ateliers \/ d\u00e9bats University of Cambridge \/ Heidelberg.<\/li>\n\n\n\n<li class=\"mid_bot\">06\/05\/21 \u00ab&nbsp;Le Yiddish, une jud\u00e9o-langue&nbsp;\u00bb, Conf\u00e9rence d\u00e9bat aux cot\u00e9s de la cin\u00e9aste Nurith Aviv et d\u2019Arnaud Bikard.<\/li>\n\n\n\n<li class=\"mid_bot\">06\/04\/21 \u00ab&nbsp;Le piyyout Ehad Mi Yodea en jud\u00e9o-arabe&nbsp;\u00bb, journ\u00e9e d\u2019\u00e9tudes GEO-Unistra&nbsp;<em>La po\u00e9sie des Juifs d\u2019Italie, langues, sources, h\u00e9ritages<\/em>.<\/li>\n\n\n\n<li class=\"mid_bot\">31\/03\/21 \u00ab&nbsp;Parlers arabes des femmes juives du Maroc, Mekn\u00e8s et Tafilalet&nbsp;\u00bb, intervention dans le cadre de l\u2019atelier \u00ab&nbsp;Sonic Accompaniment to Birth in the Jewish Sahara&nbsp;\u00bb du Cambridge Festival.<\/li>\n<\/ul>\n\n\n\n<hr class=\"wp-block-separator has-alpha-channel-opacity\" style=\"margin-top:var(--wp--preset--spacing--60);margin-bottom:var(--wp--preset--spacing--60)\"\/>\n\n\n\n<h4 class=\"sub_title wp-block-heading\"><strong><em>2020<\/em><\/strong><\/h4>\n\n\n\n<ul>\n<li class=\"mid_bot\">05-12-19\/11\/20. \u00ab&nbsp;Pr\u00e9sentation historique et initiation au jud\u00e9o-arabe marocain&nbsp;\u00bb, Ateliers Alliance Isra\u00e9lite Universelle.<\/li>\n\n\n\n<li class=\"mid_bot\">04\/11\/20. \u00ab&nbsp;Qu\u2019entend-on par jud\u00e9o-arabe&nbsp;\u00bb, Conf\u00e9rence Soci\u00e9t\u00e9 d\u2019Histoire des Juifs de Tunisie.<\/li>\n\n\n\n<li class=\"mid_bot\">15\/06\/20. \u00ab&nbsp;Qu\u2019est-ce que le jud\u00e9o-arabe&nbsp;\u00bb, Conf\u00e9rence Institut Elie Wiesel.<\/li>\n\n\n\n<li class=\"mid_bot\">07\/04\/20. \u00ab&nbsp;La f\u00eate de Pessah dans le monde arabe&nbsp;\u00bb, Conf\u00e9rence Centre Culturel Dal\u00e2la.<\/li>\n\n\n\n<li class=\"mid_bot\">06\/02\/20. \u00ab&nbsp;Le jud\u00e9o-arabe moderne&nbsp;\u00bb, S\u00e9ance de prop\u00e9deutique INALCO L1 h\u00e9breu.<\/li>\n\n\n\n<li class=\"mid_bot\">04\/02\/20. \u00ab&nbsp;H\u00e9breu pour arabisants&nbsp;; l\u2019h\u00e9breu, une langue s\u00e9mitique&nbsp;\u00bb, Conf\u00e9rence Araboth\u00e8que.<\/li>\n\n\n\n<li class=\"mid_bot\">30\/01\/20. \u00ab&nbsp;Le jud\u00e9o-arabe m\u00e9di\u00e9val&nbsp;\u00bb, S\u00e9ance de prop\u00e9deutique INALCO L1 h\u00e9breu.<\/li>\n<\/ul>\n\n\n\n<hr class=\"wp-block-separator has-alpha-channel-opacity\" style=\"margin-top:var(--wp--preset--spacing--60);margin-bottom:var(--wp--preset--spacing--60)\"\/>\n\n\n\n<h4 class=\"sub_title wp-block-heading\"><strong><em>2019<\/em><\/strong><\/h4>\n\n\n\n<ul class=\"mid_bot\">\n<li class=\"mid_bot\">04\/12\/19. \u00ab&nbsp;Un po\u00e8me liturgique juif en arabe maghr\u00e9bin&nbsp;\u00bb, S\u00e9minaire du CREAM \u2013 INALCO.<\/li>\n\n\n\n<li class=\"mid_bot\">27\/11\/19. \u00ab&nbsp;L\u2019influence de l\u2019arabe sur l\u2019h\u00e9breu, le cas de quelques verbes marocains voyageurs&nbsp;\u00bb \u2013 Colloque&nbsp;<em>L\u2019h\u00e9breu, une langue dans la culture contemporaine<\/em>. Institut Elie Wiesel.<\/li>\n\n\n\n<li class=\"mid_bot\">16\/11\/19. \u00ab&nbsp;Histoire et m\u00e9moire Juifs du Maroc&nbsp;\u00bb, Conf\u00e9rence Centre Culturel Diwan \u2013 Orl\u00e9ans.<\/li>\n\n\n\n<li class=\"mid_bot\">14\/11-05\/12\/19. Cycle conf\u00e9rences \u00ab&nbsp;Histoire et langues Juifs du Maroc&nbsp;\u00bb \u2013 AIU.<\/li>\n\n\n\n<li class=\"mid_bot\">08\/10\/19. S\u00e9minaire M1 Arabe Maghr\u00e9bin \u00ab&nbsp;Formations et diversifications des parlers arabes jud\u00e9o-maghr\u00e9bins&nbsp;\u00bb.&nbsp;<em>Linguistique, dialectologie et sociolinguistique de l\u2019arabe maghr\u00e9bin<\/em>&nbsp;\u2013 INALCO.<\/li>\n\n\n\n<li class=\"mid_bot\">16-18\/09\/19. Atelier \u201cDynamic Maghribi Jewish-Muslim Interactions\u201d, Aix-Marseille\/Cambridge.<\/li>\n\n\n\n<li class=\"mid_bot\">01\/09\/19. Conf\u00e9rence D\u00e9bat avec Line Amsellem \u00ab&nbsp;Les jud\u00e9o-langues du Maroc, jud\u00e9o arabe et jud\u00e9o-espagnol&nbsp;\u00bb, voyage au c\u0153ur du Maroc Juif, Journ\u00e9es europ\u00e9ennes de la culture et du patrimoine juifs 2019, Mus\u00e9e d\u2019Art et d\u2019Histoire du Juda\u00efsme.<\/li>\n\n\n\n<li class=\"mid_bot\">05\/07\/19. \u201cWhat Name for the Arabic Dialects of Moroccan Jews: Moroccan Judeo-Arabic, Arabic or Moroccan Arabic?\u201d, GIS-MOMM Congress 2019, Panel <em>Minorities in North-Africa, research through social sciences<\/em>, dir. Jennifer Vanz. INALCO, Paris.<\/li>\n\n\n\n<li class=\"mid_bot\">01\/07\/19. Conduct of a workshop \u201cJewish-Languages\u201d:<em>The Journey of Texts in the Jewish World: the case of \u2018Ehad Mi Yodea\u2019 in Judeo-arabic, Judeo-Spanish and Yiddish<\/em>, with personal intervention \u201cTrajectories and Diversifications of the Arabic Versions\u201d. Congress of Soci\u00e9t\u00e9 des Etudes Juives, Strasbourg, France.<\/li>\n\n\n\n<li class=\"mid_bot\">24\/06\/19. \u201cMoroccan Arabic Verbs in Peripheral Israeli Hebrew\u201d, 47<sup>th<\/sup>annual meeting of North-Atlantic Conference of Afroasiatic Linguistic (NACAL). Sorbonne University-INALCO, Paris.<\/li>\n\n\n\n<li class=\"mid_bot\">22\/06\/19. \u201cJewish Moroccan Heritage\u201d, Conference at the Yves-Saint Laurent Museum \/ Majorelle\u2019s Garden, Marrakesh, Morocco.<\/li>\n\n\n\n<li class=\"mid_bot\">10\/06\/19. \u201cAn Ashkenazi Song of the Haggadah in Moroccan, Syrian and Yemeni Arabic\u201d, 13<sup>th<\/sup>Conference of AIDA. Akaki Tsereteli State University, Kutaisi, Georgia.<\/li>\n\n\n\n<li class=\"mid_bot\">12\/05\/19. \u201cZaguri Imperia, an Israeli Tv Show at the heart of Israel\u2019s Moroccan Community\u201d, Conference at Paris\u2019 Jewish Museum (MAHJ), Paris.<\/li>\n\n\n\n<li class=\"mid_bot\">04\/04\/19. Animation of a Study Day \u201cJudaism and Jewishness in the Islamic World\u201d, Strasbourg University.<\/li>\n<\/ul>\n\n\n\n<hr class=\"wp-block-separator has-alpha-channel-opacity\" style=\"margin-top:var(--wp--preset--spacing--60);margin-bottom:var(--wp--preset--spacing--60)\"\/>\n\n\n\n<h4 class=\"sub_title wp-block-heading\"><strong><em>2018<\/em><\/strong><\/h4>\n\n\n\n<ul>\n<li class=\"mid_bot\">05-06\/12. \u201cCurses and Profanities in Moroccan Judeo-Arabic and what\u2019s left of it in Israel\u201d, Three conferences at Inalco: research Team Maghrebi Arabic; Seminar Sociolinguistics and Dialectology of Arabic; Semitic Linguistics. INALCO, Paris.<\/li>\n\n\n\n<li class=\"mid_bot\">15\/11. <em>History and Identities of the Moroccan Jews<\/em>, Public Conference, with the documentary filmmaker Izza Genini&amp; historian Monique Dahan-Goldberg,<\/li>\n\n\n\n<li class=\"mid_bot\">31\/10 &amp; 01\/11, \u05d4\u05e9\u05e4\u05e2\u05ea\u05d5 \u05e9\u05dc \u05ea\u05d7\u05d1\u05d9\u05e8 \u05d4\u05e9\u05e4\u05d4 \u05d4\u05de\u05e8\u05d5\u05e7\u05d0\u05d9\u05ea \u05e2\u05dc \u05d4\u05e2\u05d1\u05e8\u05d9\u05ea \u05d4\u05de\u05d6\u05e8\u05d7\u05d9\u05ea \u05e9\u05dc \u05d4\u05e4\u05e8\u05d9\u05e4\u05e8\u05d9\u05d4(<em>Syntactic Influence of Moroccan Arabic into Modern Oriental Hebrew<\/em>), Master seminar \u201cHebrew Studies\u201d Yishai Neuman, Mikhlelet David Yelin, Jerusalem &amp; Mikhlelet Akhva, Israel.<\/li>\n\n\n\n<li class=\"mid_bot\">12\/09. <em>Moroccan Arabic and Judeo-Arabic in Hebrew as Spoken by Israelis from Moroccan background \u2013 The case of the TV-Show Zaguri Imperya,<\/em>International Conference \u201cThe journey of Hebrew throughout Time and Societies\u201d, Inalco, Paris.<\/li>\n\n\n\n<li class=\"mid_bot\">04\/07.&nbsp;\u05e2\u05dc \u05db\u05de\u05d4 \u05de\u05d9\u05dc\u05d9\u05dd \u05d1\u05e2\u05d1\u05e8\u05d9\u05ea \u05e9\u05d1\u05e4\u05d9 \u05d9\u05e9\u05e8\u05d0\u05dc\u05d9\u05dd \u05de\u05de\u05d5\u05e6\u05d0 \u05de\u05e8\u05d5\u05e7\u05d0\u05d9(<em>About Some Words in the Hebrew Speech of Israelis from Moroccan Background<\/em>), International Conference \u00ab&nbsp;REEH \u2013 Hebrew Language, Literature and Culture in the World\u201d, Paris 8 \u2013Vincennes University \u2013 Saint-Denis.<\/li>\n\n\n\n<li class=\"mid_bot\">28\/03. \u201cWhat is Judeo-Arabic? an Ambiguous denomination for Real Linguistic Phenomenons\u201d. Department of Arabic Language, Strasbourg University, Strasbourg.<\/li>\n\n\n\n<li class=\"mid_bot\">01\/02. \u201cFrom Moroccan Judeo-Arabic to Israeli Maroka\u00eft\u201d, Master Seminar \u00ab&nbsp;Dialectology and Sociolinguistics of the Arab World\u201d, Inalco, Paris.<\/li>\n<\/ul>\n\n\n\n<hr class=\"wp-block-separator has-alpha-channel-opacity\" style=\"margin-top:var(--wp--preset--spacing--60);margin-bottom:var(--wp--preset--spacing--60)\"\/>\n\n\n\n<h4 class=\"sub_title wp-block-heading\"><strong><em>2017<\/em><\/strong><\/h4>\n\n\n\n<ul>\n<li class=\"mid_bot\">20\/11. \u201cThe Hebrew Language, A Semitic Language\u201d, Hebrew Studies Seminar, Groupe d\u2019Etudes Orientales (GEO), Strasbourg University, Strasbourg.<\/li>\n\n\n\n<li class=\"mid_bot\">05\/10. \u201cJudeo-Arabic Dialects, Jewish Languages or Arabic Dialects: About the Hebrew Component\u201d, Doctoral Seminar \u201cSemitic Linguistics\u201d Georgine Ayoub\u2013 Inalco, Paris.<\/li>\n\n\n\n<li class=\"mid_bot\">31\/05. \u201cHebrew Lexical Elements in Fez\u2019s Judeo-Arabic in the 40\u2019s: Contextual Use, Semantic Shifts, Phonological Adaptations\u201d, 12<sup>th<\/sup>Conference of AIDA, Aix-Marseille University, Marseille.<\/li>\n<\/ul>\n\n\n\n<hr class=\"wp-block-separator has-alpha-channel-opacity\" style=\"margin-top:var(--wp--preset--spacing--60);margin-bottom:var(--wp--preset--spacing--60)\"\/>\n\n\n\n<h4 class=\"sub_title wp-block-heading\"><strong><em>2016<\/em><\/strong><\/h4>\n\n\n\n<ul>\n<li class=\"mid_bot\">22\/11. \u201cRoots and Patterns in Semitic, the Case of Moroccan Arabic\u201d, Seminar Master I \u201cSociolinguistics and Dialectology \u2013 Maghreb, Europe\u201d, Christophe Pereira\u2013 Inalco, Paris.<\/li>\n\n\n\n<li class=\"mid_bot\">22\/09. \u201cHistory of the Semitic Languages\u201d, Conference, Bulac, Paris.<\/li>\n\n\n\n<li class=\"mid_bot\">23\/06. \u201cSome Reflexions on the Formation of the Triconsonantal Roots in Semitic\u201d, Glecs,<\/li>\n\n\n\n<li class=\"mid_bot\">02\/06. \u201cFormation of the Semitic Triconsonantal Roots: Normative Morphological Dynamics, Interpretations, Loanwords and Analogies\u201d, Doctoral Seminar \u201cSemitic Linguistics\u201d Georgine Ayoub\u2013 Inalco, Paris.<\/li>\n\n\n\n<li class=\"mid_bot\">07\/04. \u201cMarriage, Alliance, Decision and Circumcision, a Semitic Semantic Web\u201d, Selefa, Paris.<\/li>\n<\/ul>\n\n\n\n<hr class=\"wp-block-separator has-alpha-channel-opacity\" style=\"margin-top:var(--wp--preset--spacing--60);margin-bottom:var(--wp--preset--spacing--60)\"\/>\n\n\n\n<h4 class=\"sub_title wp-block-heading\"><em><strong>2015<\/strong><\/em><\/h4>\n\n\n\n<ul>\n<li class=\"mid_bot\">09\/07. \u201c<a href=\"https:\/\/www.jonas-sibony.com\/site\/2018\/05\/16\/benedictions-et-maledictions-dans-les-parlers-arabes-des-juifs-du-maghreb\/\" target=\"_blank\" rel=\"noreferrer noopener\">Blessing, Curses and Folkloric Formulas in Moroccan Judeo-Arabic<\/a>\u201d, GIS-MOMM Congress 2015, Panel<em>Magic and Occult in the Islamic World<\/em>, dir. J.C. Coulon,Inalco, Paris.<\/li>\n\n\n\n<li class=\"mid_bot\">13\/04. \u201cOpening the Archives of the Sephardic Communities in Jerusalem\u201d, <em>Archives in Conflict<\/em>, Casa Velazquez, EPHE, Ecole Fran\u00e7aise d\u2019Ath\u00e8nes, ERC Open Jerusalem, &#8211; French National Archives, Pierrefitte-Sur-Seine.<\/li>\n\n\n\n<li class=\"mid_bot\">05\/03. \u201cThe \u2018Matrix and Etymon Theory\u2019, Description of a System or Simple Lexical Tendencies?\u201d, Selefa, Paris.<\/li>\n\n\n\n<li class=\"mid_bot\">17\/02. \u201cPresentation of the Hebrew Documentary Collection of the Bulac Library and of the Hebrew and Judeo-Spanish Manuscripts\u201d, Seminar Master I Middle-East Mediteranean \u201cSocial History and Medieval Middle East\u201d Vanessa VanRenterghem \u2013 Inalco &#8211; Bulac, Paris.<\/li>\n\n\n\n<li class=\"mid_bot\">5\/02. \u201cHypotheses on the Semitic\u2019s Lexicon\u2019s Formation and Organization\u201d, Doctoral Seminar \u00ab&nbsp;Semitic Linguistics \u00bb Georgine Ayoub\u2013 Inalco, Paris.<\/li>\n\n\n\n<li class=\"mid_bot\">30\/01. \u201cThe Concepts of Talk, Speech and Silence in Classical Hebrew and the Semitic Languages\u201d, 1st Seminar Aliento-Cermom\u2013 Inalco, Paris.<\/li>\n\n\n\n<li class=\"mid_bot\">15\/01 \u201c\u2018Judeo-Arabic Languages\u2019: Jewish Languages or Arabic Dialects?\u201d, Seminar ERC Open-Jerusalem <em>Written, Spoken and Archived Jewish Languages in Jerusalem<\/em>\u2013 French Research Team in Jerusalem (CRFJ), Jerusalem.<\/li>\n\n\n\n<li class=\"mid_bot\">07\/01 \u201cHistorical and Linguistical Presentation of Judeo-Arabic through its double dynamics: Arabic Dialectology \/ Jewish Languages Linguistics\u201d, Seminar Master II \u00ab&nbsp;Histoires et cultures s\u00e9farades&nbsp;<em>\u00bb<\/em>Marie-Christine Varol\u2013 Inalco, Paris.<\/li>\n<\/ul>\n\n\n\n<hr class=\"wp-block-separator has-alpha-channel-opacity\" style=\"margin-top:var(--wp--preset--spacing--60);margin-bottom:var(--wp--preset--spacing--60)\"\/>\n\n\n\n<h4 class=\"sub_title wp-block-heading\"><strong><em>2014<\/em><\/strong><\/h4>\n\n\n\n<ul>\n<li class=\"mid_bot\">11\/12 \u201cBeyond the Triconsonantal Root, Formation and Organization of the Lexicon of the Semitic Language\u201d, Conference of Association Samah- Paris-Sorbonne, Amphi Descartes, Paris.<\/li>\n<\/ul>\n\n\n\n<hr class=\"wp-block-separator has-alpha-channel-opacity\" style=\"margin-top:var(--wp--preset--spacing--60);margin-bottom:var(--wp--preset--spacing--60)\"\/>\n","protected":false},"excerpt":{"rendered":"<p>2023 2022 2021 2020 2019 2018 2017 2016 2015 2014<\/p>\n","protected":false},"author":2,"featured_media":0,"parent":1155,"menu_order":20,"comment_status":"closed","ping_status":"closed","template":"","meta":[],"_links":{"self":[{"href":"https:\/\/www.jonas-sibony.com\/site\/wp-json\/wp\/v2\/pages\/14"}],"collection":[{"href":"https:\/\/www.jonas-sibony.com\/site\/wp-json\/wp\/v2\/pages"}],"about":[{"href":"https:\/\/www.jonas-sibony.com\/site\/wp-json\/wp\/v2\/types\/page"}],"author":[{"embeddable":true,"href":"https:\/\/www.jonas-sibony.com\/site\/wp-json\/wp\/v2\/users\/2"}],"replies":[{"embeddable":true,"href":"https:\/\/www.jonas-sibony.com\/site\/wp-json\/wp\/v2\/comments?post=14"}],"version-history":[{"count":35,"href":"https:\/\/www.jonas-sibony.com\/site\/wp-json\/wp\/v2\/pages\/14\/revisions"}],"predecessor-version":[{"id":1312,"href":"https:\/\/www.jonas-sibony.com\/site\/wp-json\/wp\/v2\/pages\/14\/revisions\/1312"}],"up":[{"embeddable":true,"href":"https:\/\/www.jonas-sibony.com\/site\/wp-json\/wp\/v2\/pages\/1155"}],"wp:attachment":[{"href":"https:\/\/www.jonas-sibony.com\/site\/wp-json\/wp\/v2\/media?parent=14"}],"curies":[{"name":"wp","href":"https:\/\/api.w.org\/{rel}","templated":true}]}}